{"id":100565,"date":"2025-05-06T10:23:15","date_gmt":"2025-05-06T09:23:15","guid":{"rendered":"https:\/\/campbendixen.dk\/campbendixen\/"},"modified":"2025-12-15T11:58:56","modified_gmt":"2025-12-15T10:58:56","slug":"campbendixen","status":"publish","type":"page","link":"https:\/\/campbendixen.dk\/de\/campbendixen\/","title":{"rendered":"CampBendixen"},"content":{"rendered":"<p>[et_pb_section fb_built=&#8220;1&#8243; module_id=&#8220;sec-bg&#8220; _builder_version=&#8220;4.27.4&#8243; _module_preset=&#8220;default&#8220; use_background_color_gradient=&#8220;on&#8220; background_color_gradient_direction=&#8220;45deg&#8220; background_color_gradient_stops=&#8220;rgba(0,0,0,0.6) 0%|rgba(0,0,0,0.6) 100%&#8220; background_color_gradient_overlays_image=&#8220;on&#8220; background_enable_image=&#8220;off&#8220; background_video_mp4=&#8220;https:\/\/campbendixen.dk\/wp-content\/uploads\/2025\/05\/Krakaer-hero-video.mp4&#8243; min_height_tablet=&#8220;350px&#8220; min_height_phone=&#8220;350px&#8220; min_height_last_edited=&#8220;on|phone&#8220; height=&#8220;550px&#8220; height_tablet=&#8220;400px&#8220; height_phone=&#8220;400px&#8220; height_last_edited=&#8220;on|tablet&#8220; border_width_bottom=&#8220;10px&#8220; border_color_bottom=&#8220;gcid-7ce7b00a-a0f7-4559-8af2-0adef5afd391&#8243; global_colors_info=&#8220;{%22gcid-7ce7b00a-a0f7-4559-8af2-0adef5afd391%22:%91%22border_color_bottom%22%93}&#8220;][et_pb_row _builder_version=&#8220;4.17.3&#8243; _module_preset=&#8220;default&#8220; custom_padding=&#8220;||0px||false|false&#8220; global_colors_info=&#8220;{}&#8220;][et_pb_column type=&#8220;4_4&#8243; _builder_version=&#8220;4.17.3&#8243; _module_preset=&#8220;default&#8220; global_colors_info=&#8220;{}&#8220;][et_pb_text _builder_version=&#8220;4.27.3&#8243; _module_preset=&#8220;default&#8220; header_font=&#8220;||||||||&#8220; header_text_color=&#8220;#FFFFFF&#8220; header_font_size=&#8220;60px&#8220; header_2_text_color=&#8220;#FFFFFF&#8220; custom_margin=&#8220;||0px||false|false&#8220; global_colors_info=&#8220;{}&#8220;]<\/p>\n<h1>CampBendixen<\/h1>\n<p>[\/et_pb_text][\/et_pb_column][\/et_pb_row][et_pb_row _builder_version=&#8220;4.17.3&#8243; _module_preset=&#8220;default&#8220; custom_padding=&#8220;0px||||false|false&#8220; global_colors_info=&#8220;{}&#8220;][et_pb_column type=&#8220;4_4&#8243; _builder_version=&#8220;4.17.3&#8243; _module_preset=&#8220;default&#8220; global_colors_info=&#8220;{}&#8220;][et_pb_divider color=&#8220;gcid-7ce7b00a-a0f7-4559-8af2-0adef5afd391&#8243; _builder_version=&#8220;4.17.3&#8243; _module_preset=&#8220;default&#8220; height=&#8220;0px&#8220; custom_margin=&#8220;||0px||false|false&#8220; custom_padding=&#8220;||||false|false&#8220; global_colors_info=&#8220;{%22gcid-7ce7b00a-a0f7-4559-8af2-0adef5afd391%22:%91%22border_color_right%22,%22color%22%93}&#8220;][\/et_pb_divider][et_pb_divider show_divider=&#8220;off&#8220; admin_label=&#8220;Point right bottom&#8220; module_class=&#8220;dot-right-bottom sub-page-dot&#8220; _builder_version=&#8220;4.27.3&#8243; _module_preset=&#8220;default&#8220; height=&#8220;25px&#8220; border_width_right=&#8220;1px&#8220; border_color_right=&#8220;gcid-7ce7b00a-a0f7-4559-8af2-0adef5afd391&#8243; global_colors_info=&#8220;{%22gcid-7ce7b00a-a0f7-4559-8af2-0adef5afd391%22:%91%22border_color_right%22%93}&#8220;][\/et_pb_divider][\/et_pb_column][\/et_pb_row][\/et_pb_section][et_pb_section fb_built=&#8220;1&#8243; _builder_version=&#8220;4.27.3&#8243; _module_preset=&#8220;default&#8220; background_enable_image=&#8220;off&#8220; background_size=&#8220;initial&#8220; background_position=&#8220;top_left&#8220; global_colors_info=&#8220;{}&#8220;][et_pb_row _builder_version=&#8220;4.27.3&#8243; _module_preset=&#8220;default&#8220; custom_padding=&#8220;50px||35px||false|false&#8220; global_colors_info=&#8220;{}&#8220;][et_pb_column type=&#8220;4_4&#8243; _builder_version=&#8220;4.17.3&#8243; _module_preset=&#8220;default&#8220; custom_padding=&#8220;25px||||false|false&#8220; global_colors_info=&#8220;{}&#8220;][et_pb_text _builder_version=&#8220;4.27.3&#8243; _module_preset=&#8220;default&#8220; text_font=&#8220;||||||||&#8220; text_line_height=&#8220;1.8em&#8220; global_colors_info=&#8220;{}&#8220;]<\/p>\n<p style=\"text-align: center;\"><strong data-start=\"78\" data-end=\"137\">Camping mit CampBendixen \u2013 Urlaub, von dem Sie nie nach Hause wollen<\/strong><br data-start=\"137\" data-end=\"140\">Camping ist Urlaub voller Zusammensein, N\u00e4he, neuer Freundschaften, Spiel und Spa\u00df \u2013 die perfekten Rahmenbedingungen f\u00fcr unvergessliche Erinnerungen. Bei CampBendixen ist Platz f\u00fcr alle, und wir geben uns M\u00fche, Ihren Urlaub perfekt zu gestalten. Hier erleben Sie eine Atmosph\u00e4re, die Sie sich w\u00fcnschen l\u00e4sst, dass der Urlaub nie endet.<\/p>\n<p>[\/et_pb_text][\/et_pb_column][\/et_pb_row][et_pb_row _builder_version=&#8220;4.27.3&#8243; _module_preset=&#8220;default&#8220; custom_margin=&#8220;||0px||false|false&#8220; custom_padding=&#8220;||0px||false|false&#8220; global_colors_info=&#8220;{}&#8220;][et_pb_column type=&#8220;4_4&#8243; _builder_version=&#8220;4.27.3&#8243; _module_preset=&#8220;default&#8220; global_colors_info=&#8220;{}&#8220;][et_pb_text _builder_version=&#8220;4.27.3&#8243; _module_preset=&#8220;default&#8220; custom_margin=&#8220;||0px||false|false&#8220; custom_padding=&#8220;||0px||false|false&#8220; global_colors_info=&#8220;{}&#8220;]<\/p>\n<h2>Treffen Sie die Eigent\u00fcmer<\/h2>\n<p>[\/et_pb_text][\/et_pb_column][\/et_pb_row][et_pb_row column_structure=&#8220;3_5,2_5&#8243; make_equal=&#8220;on&#8220; _builder_version=&#8220;4.27.3&#8243; _module_preset=&#8220;default&#8220; custom_margin=&#8220;0px||0px||false|false&#8220; custom_padding=&#8220;0px||0px||false|false&#8220; global_colors_info=&#8220;{}&#8220;][et_pb_column type=&#8220;3_5&#8243; _builder_version=&#8220;4.17.3&#8243; _module_preset=&#8220;default&#8220; custom_padding=&#8220;25px||||false|false&#8220; global_colors_info=&#8220;{}&#8220;][et_pb_text _builder_version=&#8220;4.27.3&#8243; _module_preset=&#8220;default&#8220; text_font=&#8220;||||||||&#8220; text_line_height=&#8220;1.8em&#8220; custom_margin=&#8220;0px||0px||false|false&#8220; custom_padding=&#8220;0px||0px||false|false&#8220; global_colors_info=&#8220;{}&#8220;]<\/p>\n<p><strong>Lars und Rikke &#8211; Eine Reise voller Leidenschaft, Hingabe und Tr\u00e4ume<\/strong><\/p>\n<p>Unsere Reise begann auf Blommehaven Camping in Aarhus, einem landschaftlichen Juwel, auf dem wir unsere Leidenschaft f\u00fcr Camping und Natur entdeckten. Hier hat es uns Spa\u00df gemacht, eine Atmosph\u00e4re zu schaffen, in der sich die G\u00e4ste wie zu Hause f\u00fchlen konnten, und wir haben all unsere Energie darauf verwendet, den Platz noch attraktiver zu machen. Hier lernten wir die Grundlagen der Branche kennen und verstanden, was es wirklich bedeutet, ein au\u00dfergew\u00f6hnliches Erlebnis zu bieten.  <\/p>\n<p>Aber mit der Zeit wurde der Traum, unsere eigene Zukunft zu gestalten und zu meistern, immer gr\u00f6\u00dfer.<\/p>\n<p>Im Januar 2015 haben wir den Sprung gewagt und Esbjerg Camping gekauft. Diese Entscheidung war ein Wendepunkt in unserem Leben. Esbjerg ist zu unserem Lieblingsort geworden, und hier haben wir den Grundstein f\u00fcr alles gelegt, was wir heute sind. Hier haben wir wirklich erkannt, wie sehr wir dieses Gesch\u00e4ft lieben und die M\u00f6glichkeiten, die es uns bietet, etwas Einzigartiges zu schaffen.   <\/p>\n<p>Am Anfang haben wir alles selbst gemacht, mit nur vier H\u00e4nden und viel Hilfe von unseren Kindern, die schnell ein aktiver Teil unseres Alltags wurden und vor Ort mit anpackten. Wir haben alles gemacht &#8211; von der Reinigung und dem Einchecken bis zur Instandhaltung der Anlage und dem G\u00e4steservice. Es war eine anstrengende Zeit, aber auch eine Zeit, in der wir viel lernten und einen unglaublichen Gemeinschaftssinn entwickelten. Unsere Kinder waren immer eine gro\u00dfe Unterst\u00fctzung und ihre Hilfe war ein wichtiger Teil unserer Reise.   <\/p>\n<p>Unsere Reise endete nicht mit Esbjerg. Im Jahr 2020 haben wir uns noch mehr gefreut und Ebeltoft Strand Camping gekauft. Diese fantastische Lage direkt am Strand bot uns neue Herausforderungen und neue M\u00f6glichkeiten, um unseren G\u00e4sten ein noch besseres Erlebnis zu bieten. Aber unser Abenteuer war noch nicht vorbei &#8211; 2024 machten wir einen weiteren Schritt und \u00fcbernahmen Krak\u00e6r Camping, das wir in Mols Bjerge Camping umbenannten. Ein wundersch\u00f6nes Juwel in einer der landschaftlich reizvollsten Gegenden D\u00e4nemarks.    <\/p>\n<p>[\/et_pb_text][\/et_pb_column][et_pb_column type=&#8220;2_5&#8243; _builder_version=&#8220;4.27.3&#8243; _module_preset=&#8220;default&#8220; custom_css_main_element=&#8220;margin:auto;&#8220; global_colors_info=&#8220;{}&#8220;][et_pb_image src=&#8220;https:\/\/campbendixen.dk\/wp-content\/uploads\/2025\/05\/thumbnail-1.jpg&#8220; title_text=&#8220;Vorschaubild-1&#8243; _builder_version=&#8220;4.27.3&#8243; _module_preset=&#8220;default&#8220; animation_style=&#8220;slide&#8220; animation_direction=&#8220;right&#8220; animation_duration=&#8220;1500ms&#8220; animation_delay=&#8220;100ms&#8220; animation_intensity_slide=&#8220;5%&#8220; global_colors_info=&#8220;{}&#8220;][\/et_pb_image][\/et_pb_column][\/et_pb_row][et_pb_row _builder_version=&#8220;4.27.3&#8243; _module_preset=&#8220;default&#8220; custom_margin=&#8220;0px||||false|false&#8220; custom_padding=&#8220;0px||35px||false|false&#8220; global_colors_info=&#8220;{}&#8220;][et_pb_column type=&#8220;4_4&#8243; _builder_version=&#8220;4.17.3&#8243; _module_preset=&#8220;default&#8220; custom_padding=&#8220;25px||||false|false&#8220; global_colors_info=&#8220;{}&#8220;][et_pb_text _builder_version=&#8220;4.27.3&#8243; _module_preset=&#8220;default&#8220; text_font=&#8220;||||||||&#8220; text_line_height=&#8220;1.8em&#8220; custom_margin=&#8220;0px||||false|false&#8220; custom_padding=&#8220;0px||||false|false&#8220; global_colors_info=&#8220;{}&#8220;]<\/p>\n<p>Obwohl jeder Campingplatz seinen eigenen Charme und einzigartigen Charakter hat, ist Esbjerg immer noch unser Fundament und unser Herz. Hier haben wir uns zu den Menschen und dem Unternehmen entwickelt, das wir heute sind. <\/p>\n<p>Wir haben es nie bereut, diesen Weg gew\u00e4hlt zu haben. F\u00fcr uns ist es nicht nur ein Beruf, sondern ein Lebensstil, den wir mit Leidenschaft und Liebe f\u00fcr die Natur und die Menschen, mit denen wir diese Erfahrung teilen d\u00fcrfen, gew\u00e4hlt haben. Unsere Reise geht weiter und wir freuen uns darauf, noch mehr fantastische Erlebnisse f\u00fcr unsere G\u00e4ste zu schaffen, w\u00e4hrend wir weiterhin die Liebe und Hingabe hinter jeder Entscheidung kultivieren.  <\/p>\n<p>Heute sind wir zu einem Unternehmen mit 46 Mitarbeitern herangewachsen &#8211; einem gro\u00dfartigen Team von Angestellten und Helfern, die uns helfen, unsere Campingpl\u00e4tze zu betreiben und sicherzustellen, dass wir weiterhin den pers\u00f6nlichen Service bieten k\u00f6nnen, f\u00fcr den wir bekannt sind. Es war eine unglaubliche Reise und wir sind unglaublich dankbar f\u00fcr das gro\u00dfartige Team, das wir um uns haben. <\/p>\n<p>Bei uns dreht sich alles um die pers\u00f6nliche Note, und das ist etwas, das wir in alles, was wir tun, integriert haben. Wir m\u00f6chten, dass unsere G\u00e4ste uns auf den Campingpl\u00e4tzen sehen, und obwohl wir in Esbjerg und Mols Bjerge ein gro\u00dfartiges Team haben, sind wir t\u00e4glich in Ebeltoft pr\u00e4sent. Wir glauben, dass es wichtig ist, immer noch ein aktiver Teil des t\u00e4glichen Lebens auf unseren Campingpl\u00e4tzen zu sein, mit den Menschen zu sprechen und f\u00fcr unsere Kunden da zu sein. Es ist diese pers\u00f6nliche Pr\u00e4senz, die unsere Pl\u00e4tze zu etwas ganz Besonderem macht und es uns erm\u00f6glicht, dauerhafte Beziehungen zu den Menschen aufzubauen, die wir treffen, und ihnen die besten Erinnerungen f\u00fcr die Zukunft mitzugeben.   <\/p>\n<p>Wir m\u00f6chten auch sicherstellen, dass alle unsere Campingpl\u00e4tze den h\u00f6chsten Standards entsprechen, weshalb wir uns f\u00fcr Sauberkeit einsetzen. Wir legen gro\u00dfen Wert auf die Reinigung und haben uns schon immer darauf konzentriert, dass unsere G\u00e4ste ein sauberes und gepflegtes Erlebnis genie\u00dfen k\u00f6nnen. Eine Umgebung zu schaffen, in der sowohl der Komfort als auch die Sauberkeit erstklassig sind, ist f\u00fcr uns eine Selbstverst\u00e4ndlichkeit.  <\/p>\n<p>Jeder Tag ist ein Geschenk f\u00fcr uns und wir sind dankbar f\u00fcr den Lebensstil, den wir gew\u00e4hlt haben. Wir lieben alles an dem, was wir tun &#8211; von den kleinen Details des t\u00e4glichen Lebens bis hin zu den gro\u00dfen Entscheidungen, die unsere Zukunft bestimmen. Wir haben es nie bereut, diesen Weg gew\u00e4hlt zu haben. F\u00fcr uns ist es nicht nur ein Beruf, sondern ein Lebensstil, den wir mit Leidenschaft und Liebe f\u00fcr die Natur und die Menschen, mit denen wir diese Erfahrung teilen, gew\u00e4hlt haben. Unsere Reise geht weiter und wir freuen uns darauf, noch mehr fantastische Erlebnisse f\u00fcr unsere G\u00e4ste zu schaffen, w\u00e4hrend wir weiterhin die Liebe und Hingabe hinter jeder Entscheidung, die wir treffen, kultivieren. Und wer wei\u00df &#8211; vielleicht gibt es ja noch mehr R\u00e4ume.     <\/p>\n<p>Im Fr\u00fchjahr 2024 haben wir uns darauf geeinigt, einen gemeinsamen Namen zu finden, der schnell gefunden wurde &#8211; CampBendixen<\/p>\n<p>Mit CampBendixen haben wir einen Namen gew\u00e4hlt, der das widerspiegelt, wof\u00fcr wir leidenschaftlich sind &#8211; die pers\u00f6nliche und aufmerksame Beziehung, die wir zu unseren G\u00e4sten auf jedem unserer Campingpl\u00e4tze aufbauen. Der Name verbindet unseren Familiennamen Bendixen mit dem vertrauten \u201eCamp\u201c, das die warme, pers\u00f6nliche und einladende Atmosph\u00e4re symbolisiert, die wir bieten m\u00f6chten. <\/p>\n<p>F\u00fcr uns geht es beim Camping um mehr als nur um eine Unterkunft. Es geht darum, pr\u00e4sent zu sein, sich die Zeit zu nehmen, mit unseren G\u00e4sten zu sprechen und Erinnerungen zu schaffen, die bleiben. CampBendixen ist daher der perfekte Name f\u00fcr uns &#8211; er ist eine Hommage an unser pers\u00f6nliches Engagement und die Gemeinschaft, die wir auf unseren Campingpl\u00e4tzen f\u00f6rdern wollen. Es ist der Name, der Esbjerg Camping, Ebeltoft Strand Camping und Mols Bjerge Camping unter einem Dach vereint und unsere Werte Qualit\u00e4t, N\u00e4he und Authentizit\u00e4t deutlich widerspiegelt.  <\/p>\n<p>&nbsp;<\/p>\n<p>[\/et_pb_text][\/et_pb_column][\/et_pb_row][\/et_pb_section][et_pb_section fb_built=&#8220;1&#8243; fullwidth=&#8220;on&#8220; _builder_version=&#8220;4.27.3&#8243; _module_preset=&#8220;default&#8220; global_colors_info=&#8220;{}&#8220;][et_pb_fullwidth_slider _builder_version=&#8220;4.27.4&#8243; _module_preset=&#8220;default&#8220; min_height=&#8220;800px&#8220; min_height_tablet=&#8220;400px&#8220; min_height_phone=&#8220;250px&#8220; min_height_last_edited=&#8220;on|phone&#8220; global_colors_info=&#8220;{}&#8220;][et_pb_slide _builder_version=&#8220;4.27.3&#8243; _module_preset=&#8220;default&#8220; background_enable_color=&#8220;off&#8220; background_image=&#8220;https:\/\/campbendixen.dk\/wp-content\/uploads\/2025\/05\/3cc2a106-ee62-45a3-b9c2-8f4c8a4cc8c6.jpg&#8220; background_enable_image=&#8220;on&#8220; parallax=&#8220;on&#8220; global_colors_info=&#8220;{}&#8220; sticky_transition=&#8220;on&#8220;][\/et_pb_slide][et_pb_slide _builder_version=&#8220;4.27.3&#8243; _module_preset=&#8220;default&#8220; background_enable_color=&#8220;off&#8220; background_image=&#8220;https:\/\/campbendixen.dk\/wp-content\/uploads\/2025\/05\/46d3f30f-494d-44af-aa6d-a416d0721c63.jpg&#8220; background_enable_image=&#8220;on&#8220; parallax=&#8220;on&#8220; global_colors_info=&#8220;{}&#8220; sticky_transition=&#8220;on&#8220;][\/et_pb_slide][et_pb_slide _builder_version=&#8220;4.27.3&#8243; _module_preset=&#8220;default&#8220; background_enable_color=&#8220;off&#8220; background_image=&#8220;https:\/\/campbendixen.dk\/wp-content\/uploads\/2025\/05\/ChatGPT-Image-7.-maj-2025-11.33.16.jpg&#8220; background_enable_image=&#8220;on&#8220; parallax=&#8220;on&#8220; global_colors_info=&#8220;{}&#8220; sticky_transition=&#8220;on&#8220;][\/et_pb_slide][\/et_pb_fullwidth_slider][\/et_pb_section][et_pb_section fb_built=&#8220;1&#8243; _builder_version=&#8220;4.27.3&#8243; _module_preset=&#8220;default&#8220; background_enable_image=&#8220;off&#8220; background_size=&#8220;initial&#8220; background_position=&#8220;top_right&#8220; custom_padding=&#8220;0px||||false|false&#8220; global_colors_info=&#8220;{}&#8220;][et_pb_row column_structure=&#8220;3_5,2_5&#8243; _builder_version=&#8220;4.17.3&#8243; _module_preset=&#8220;default&#8220; global_colors_info=&#8220;{}&#8220;][et_pb_column type=&#8220;3_5&#8243; module_class=&#8220;remove-margin-column&#8220; _builder_version=&#8220;4.17.3&#8243; _module_preset=&#8220;default&#8220; global_colors_info=&#8220;{}&#8220;][et_pb_text module_id=&#8220;Pladser&#8220; _builder_version=&#8220;4.27.4&#8243; _module_preset=&#8220;default&#8220; text_font=&#8220;|700||on|||||&#8220; text_text_color=&#8220;gcid-7ce7b00a-a0f7-4559-8af2-0adef5afd391&#8243; text_font_size=&#8220;15px&#8220; custom_margin=&#8220;||2px|2px|false|false&#8220; global_colors_info=&#8220;{%22gcid-7ce7b00a-a0f7-4559-8af2-0adef5afd391%22:%91%22text_text_color%22%93}&#8220;]<\/p>\n<p>Einiges von dem, was wir anbieten<\/p>\n<p>[\/et_pb_text][et_pb_text _builder_version=&#8220;4.27.3&#8243; _module_preset=&#8220;default&#8220; global_colors_info=&#8220;{}&#8220;]<\/p>\n<h2>Camping im CampBendixen<\/h2>\n<p>[\/et_pb_text][\/et_pb_column][et_pb_column type=&#8220;2_5&#8243; _builder_version=&#8220;4.17.3&#8243; _module_preset=&#8220;default&#8220; global_colors_info=&#8220;{}&#8220;][\/et_pb_column][\/et_pb_row][et_pb_row column_structure=&#8220;1_3,1_3,1_3&#8243; admin_label=&#8220;Sitze&#8220; _builder_version=&#8220;4.27.4&#8243; _module_preset=&#8220;default&#8220; animation_style=&#8220;slide&#8220; animation_direction=&#8220;bottom&#8220; animation_duration=&#8220;1500ms&#8220; animation_delay=&#8220;100ms&#8220; animation_intensity_slide=&#8220;5%&#8220; global_module=&#8220;100141&#8243; saved_tabs=&#8220;all&#8220; global_colors_info=&#8220;{}&#8220;][et_pb_column type=&#8220;1_3&#8243; module_class=&#8220;service-card-column-v2&#8243; _builder_version=&#8220;4.27.4&#8243; _dynamic_attributes=&#8220;link_option_url&#8220; _module_preset=&#8220;default&#8220; background_color=&#8220;#FFFFFF&#8220; custom_padding=&#8220;||30px||false|false&#8220; link_option_url=&#8220;@ET-DC@eyJkeW5hbWljIjp0cnVlLCJjb250ZW50IjoicG9zdF9saW5rX3VybF9wYWdlIiwic2V0dGluZ3MiOnsicG9zdF9pZCI6Ijk5ODc2In19@&#8220; box_shadow_style=&#8220;preset1&#8243; box_shadow_blur=&#8220;35px&#8220; box_shadow_color=&#8220;rgba(0,0,0,0.16)&#8220; global_colors_info=&#8220;{}&#8220;][et_pb_image src=&#8220;https:\/\/campbendixen.dk\/wp-content\/uploads\/2025\/04\/esbjerg-drone.jpg&#8220; title_text=&#8220;Esbjerg-Drohne&#8220; module_class=&#8220;card-overlay-triangle service-card-v2&#8243; _builder_version=&#8220;4.27.3&#8243; _module_preset=&#8220;default&#8220; overflow-x=&#8220;hidden&#8220; overflow-y=&#8220;hidden&#8220; global_colors_info=&#8220;{}&#8220;][\/et_pb_image][et_pb_text _builder_version=&#8220;4.24.0&#8243; _module_preset=&#8220;default&#8220; header_3_text_color=&#8220;gcid-ee50cd4b-2684-4dd9-b339-2ab9091aba88&#8243; header_3_font_size=&#8220;24px&#8220; custom_margin=&#8220;||15px||false|false&#8220; custom_padding=&#8220;|30px||30px|false|true&#8220; global_colors_info=&#8220;{%22gcid-ee50cd4b-2684-4dd9-b339-2ab9091aba88%22:%91%22header_3_text_color%22%93}&#8220;]<\/p>\n<h3>Esbjerg Camping<\/h3>\n<p>[\/et_pb_text][et_pb_text _builder_version=&#8220;4.24.0&#8243; _module_preset=&#8220;default&#8220; text_font=&#8220;||||||||&#8220; text_font_size=&#8220;16px&#8220; text_line_height=&#8220;1.6em&#8220; custom_margin=&#8220;||20px||false|false&#8220; custom_padding=&#8220;|30px||30px|false|true&#8220; global_colors_info=&#8220;{}&#8220;]<\/p>\n<p>Das Hotel liegt nur 400 m vom Strand und nur 5 km vom Zentrum von Esbjerg entfernt, das sich in nur 100 Jahren zur f\u00fcnftgr\u00f6\u00dften Stadt D\u00e4nemarks entwickelt hat.<\/p>\n<p>[\/et_pb_text][et_pb_button button_url=&#8220;https:\/\/booking.esbjergcamping.dk\/daybooking\/step1?cId=223&amp;lc=de&amp;wid=1&#8243; url_new_window=&#8220;on&#8220; button_text=&#8220;HIER BUCHEN&#8220; button_alignment=&#8220;center&#8220; _builder_version=&#8220;4.27.4&#8243; _module_preset=&#8220;default&#8220; custom_button=&#8220;on&#8220; button_text_size=&#8220;16px&#8220; button_text_color=&#8220;#FFFFFF&#8220; button_bg_color=&#8220;#000000&#8243; button_border_radius=&#8220;30px&#8220; hover_enabled=&#8220;0&#8243; global_colors_info=&#8220;{}&#8220; sticky_enabled=&#8220;0&#8243;][\/et_pb_button][et_pb_text _builder_version=&#8220;4.27.4&#8243; _module_preset=&#8220;default&#8220; text_font=&#8220;|600|||||||&#8220; text_text_color=&#8220;#FFFFFF&#8220; background_color=&#8220;gcid-9c17e122-3b8c-43b5-a05d-69c566307110&#8243; text_orientation=&#8220;center&#8220; custom_padding=&#8220;5px||5px||true|false&#8220; link_option_url=&#8220;esbjergcamping.dk&#8220; link_option_url_new_window=&#8220;on&#8220; global_colors_info=&#8220;{%22gcid-9c17e122-3b8c-43b5-a05d-69c566307110%22:%91%22background_color%22%93}&#8220;]<\/p>\n<p><span style=\"color: #ffffff;\"><a href=\"https:\/\/esbjergcamping.dk\/\" style=\"color: #ffffff;\">Besuchen Sie die Website hier<\/a><\/span><\/p>\n<p>[\/et_pb_text][\/et_pb_column][et_pb_column type=&#8220;1_3&#8243; module_class=&#8220;service-card-column-v2&#8243; _builder_version=&#8220;4.27.4&#8243; _dynamic_attributes=&#8220;link_option_url&#8220; _module_preset=&#8220;default&#8220; background_color=&#8220;#FFFFFF&#8220; custom_padding=&#8220;||30px||false|false&#8220; link_option_url=&#8220;@ET-DC@eyJkeW5hbWljIjp0cnVlLCJjb250ZW50IjoicG9zdF9saW5rX3VybF9wYWdlIiwic2V0dGluZ3MiOnsicG9zdF9pZCI6Ijk5ODc3In19@&#8220; box_shadow_style=&#8220;preset1&#8243; box_shadow_blur=&#8220;35px&#8220; box_shadow_color=&#8220;rgba(0,0,0,0.16)&#8220; global_colors_info=&#8220;{}&#8220;][et_pb_image src=&#8220;https:\/\/campbendixen.dk\/wp-content\/uploads\/2025\/04\/Ebeltoft-drone1000x667.jpg&#8220; title_text=&#8220;Ebeltoft Drohne)1000&#215;667&#8243; module_class=&#8220;card-overlay-triangle-ebl service-card-v21&#8243; _builder_version=&#8220;4.27.3&#8243; _module_preset=&#8220;default&#8220; overflow-x=&#8220;hidden&#8220; overflow-y=&#8220;hidden&#8220; global_colors_info=&#8220;{}&#8220;][\/et_pb_image][et_pb_text _builder_version=&#8220;4.27.3&#8243; _module_preset=&#8220;default&#8220; header_3_text_color=&#8220;gcid-ee50cd4b-2684-4dd9-b339-2ab9091aba88&#8243; header_3_font_size=&#8220;24px&#8220; custom_margin=&#8220;||15px||false|false&#8220; custom_padding=&#8220;|30px||30px|false|true&#8220; global_colors_info=&#8220;{%22gcid-ee50cd4b-2684-4dd9-b339-2ab9091aba88%22:%91%22header_3_text_color%22%93}&#8220;]<\/p>\n<h3>Ebeltoft Strand Camping<\/h3>\n<p>[\/et_pb_text][et_pb_text _builder_version=&#8220;4.27.3&#8243; _module_preset=&#8220;default&#8220; text_font=&#8220;||||||||&#8220; text_font_size=&#8220;16px&#8220; text_line_height=&#8220;1.6em&#8220; custom_margin=&#8220;||20px||false|false&#8220; custom_padding=&#8220;|30px||30px|false|true&#8220; global_colors_info=&#8220;{}&#8220;]<\/p>\n<p>Es liegt direkt am warmen, kinderfreundlichen Strand von Ebeltoft Vig und nur wenige Gehminuten von Ebeltofts gem\u00fctlichen Stra\u00dfen mit Gesch\u00e4ften, Restaurants und Caf\u00e9s entfernt.  <\/p>\n<p>[\/et_pb_text][et_pb_button button_url=&#8220;https:\/\/booking.ebeltoftstrandcamping.dk\/daybooking\/step1?cId=337&amp;lc=de&amp;wid=1&#8243; url_new_window=&#8220;on&#8220; button_text=&#8220;HIER BUCHEN&#8220; button_alignment=&#8220;center&#8220; _builder_version=&#8220;4.27.4&#8243; _module_preset=&#8220;default&#8220; custom_button=&#8220;on&#8220; button_text_size=&#8220;16px&#8220; button_text_color=&#8220;#FFFFFF&#8220; button_bg_color=&#8220;#000000&#8243; button_border_radius=&#8220;30px&#8220; global_colors_info=&#8220;{}&#8220;][\/et_pb_button][et_pb_text _builder_version=&#8220;4.27.4&#8243; _module_preset=&#8220;default&#8220; text_font=&#8220;|600|||||||&#8220; text_text_color=&#8220;#FFFFFF&#8220; background_color=&#8220;gcid-64bcecb8-1e08-4484-8de3-a2058d1920a9&#8243; text_orientation=&#8220;center&#8220; custom_padding=&#8220;5px||5px||true|false&#8220; link_option_url=&#8220;ebeltoftstrandcamping.dk&#8220; link_option_url_new_window=&#8220;on&#8220; global_colors_info=&#8220;{%22gcid-64bcecb8-1e08-4484-8de3-a2058d1920a9%22:%91%22background_color%22%93}&#8220;]<\/p>\n<p><span style=\"color: #ffffff;\"><a href=\"https:\/\/ebeltoftstrandcamping.dk\/\" style=\"color: #ffffff;\">Besuchen Sie die Website hier<\/a><\/span><\/p>\n<p>[\/et_pb_text][\/et_pb_column][et_pb_column type=&#8220;1_3&#8243; module_class=&#8220;service-card-column-v2&#8243; _builder_version=&#8220;4.27.4&#8243; _dynamic_attributes=&#8220;link_option_url&#8220; _module_preset=&#8220;default&#8220; background_color=&#8220;#FFFFFF&#8220; custom_padding=&#8220;||30px||false|false&#8220; link_option_url=&#8220;@ET-DC@eyJkeW5hbWljIjp0cnVlLCJjb250ZW50IjoicG9zdF9saW5rX3VybF9wYWdlIiwic2V0dGluZ3MiOnsicG9zdF9pZCI6Ijk5ODc4In19@&#8220; box_shadow_style=&#8220;preset1&#8243; box_shadow_blur=&#8220;35px&#8220; box_shadow_color=&#8220;rgba(0,0,0,0.16)&#8220; global_colors_info=&#8220;{}&#8220;][et_pb_image src=&#8220;https:\/\/campbendixen.dk\/wp-content\/uploads\/2025\/04\/mols-drone.jpg&#8220; title_text=&#8220;Mols-Drohne&#8220; module_class=&#8220;card-overlay-triangle-kra service-card-v22&#8243; _builder_version=&#8220;4.27.3&#8243; _module_preset=&#8220;default&#8220; overflow-x=&#8220;hidden&#8220; overflow-y=&#8220;hidden&#8220; global_colors_info=&#8220;{}&#8220;][\/et_pb_image][et_pb_text _builder_version=&#8220;4.27.3&#8243; _module_preset=&#8220;default&#8220; header_3_text_color=&#8220;gcid-ee50cd4b-2684-4dd9-b339-2ab9091aba88&#8243; header_3_font_size=&#8220;24px&#8220; custom_margin=&#8220;||15px||false|false&#8220; custom_padding=&#8220;|30px||30px|false|true&#8220; global_colors_info=&#8220;{%22gcid-ee50cd4b-2684-4dd9-b339-2ab9091aba88%22:%91%22header_3_text_color%22%93}&#8220;]<\/p>\n<h3>Mols Bjerge Camping<\/h3>\n<p>[\/et_pb_text][et_pb_text _builder_version=&#8220;4.24.0&#8243; _module_preset=&#8220;default&#8220; text_font=&#8220;||||||||&#8220; text_font_size=&#8220;16px&#8220; text_line_height=&#8220;1.6em&#8220; custom_margin=&#8220;||20px||false|false&#8220; custom_padding=&#8220;|30px||30px|false|true&#8220; global_colors_info=&#8220;{}&#8220;]<\/p>\n<p>&#8211; F\u00fcr alle, die die Natur, Ruhe und eine gem\u00fctliche Atmosph\u00e4re lieben. Die Gegend und das Leben auf dem Campingplatz werden Sie garantiert wieder auftanken. <\/p>\n<p>[\/et_pb_text][et_pb_button button_url=&#8220;https:\/\/booking.molsbjergecamping.dk\/daybooking\/step1?cId=334&amp;lc=de&amp;wid=1&#8243; url_new_window=&#8220;on&#8220; button_text=&#8220;HIER BUCHEN&#8220; button_alignment=&#8220;center&#8220; _builder_version=&#8220;4.27.4&#8243; _module_preset=&#8220;default&#8220; custom_button=&#8220;on&#8220; button_text_size=&#8220;16px&#8220; button_text_color=&#8220;#FFFFFF&#8220; button_bg_color=&#8220;#000000&#8243; button_border_radius=&#8220;30px&#8220; global_colors_info=&#8220;{}&#8220;][\/et_pb_button][et_pb_text _builder_version=&#8220;4.27.4&#8243; _module_preset=&#8220;default&#8220; text_font=&#8220;|600|||||||&#8220; text_text_color=&#8220;#FFFFFF&#8220; background_color=&#8220;gcid-312dce67-5351-47da-b2be-bf736f5998ac&#8220; text_orientation=&#8220;center&#8220; custom_padding=&#8220;5px||5px||true|false&#8220; link_option_url=&#8220;molsbjergecamping.dk&#8220; link_option_url_new_window=&#8220;on&#8220; global_colors_info=&#8220;{%22gcid-312dce67-5351-47da-b2be-bf736f5998ac%22:%91%22background_color%22%93}&#8220;]<\/p>\n<p><span style=\"color: #ffffff;\"><a href=\"https:\/\/molsbjergecamping.dk\/\" style=\"color: #ffffff;\">Besuchen Sie die Website hier<\/a><\/span><\/p>\n<p>[\/et_pb_text][\/et_pb_column][\/et_pb_row][\/et_pb_section][et_pb_section fb_built=&#8220;1&#8243; disabled_on=&#8220;off|off|off&#8220; _builder_version=&#8220;4.27.3&#8243; _module_preset=&#8220;default&#8220; background_color=&#8220;gcid-2679e89d-b6e8-46d7-a1c5-efb12376dfd9&#8243; background_enable_image=&#8220;off&#8220; background_size=&#8220;initial&#8220; background_position=&#8220;top_left&#8220; border_color_left=&#8220;RGBA(255,255,255,0)&#8220; global_colors_info=&#8220;{%22gcid-2679e89d-b6e8-46d7-a1c5-efb12376dfd9%22:%91%22background_color%22%93}&#8220;][et_pb_row _builder_version=&#8220;4.17.3&#8243; _module_preset=&#8220;default&#8220; global_colors_info=&#8220;{}&#8220;][et_pb_column type=&#8220;4_4&#8243; _builder_version=&#8220;4.17.3&#8243; _module_preset=&#8220;default&#8220; global_colors_info=&#8220;{}&#8220;][et_pb_text _builder_version=&#8220;4.27.3&#8243; _module_preset=&#8220;default&#8220; header_2_text_align=&#8220;center&#8220; header_2_text_color=&#8220;#FFFFFF&#8220; custom_margin=&#8220;||5px||false|false&#8220; global_colors_info=&#8220;{}&#8220;]<\/p>\n<h2>Haben Sie Fragen zu CampBendixen oder einem unserer Campingpl\u00e4tze?<\/h2>\n<p>[\/et_pb_text][et_pb_text _builder_version=&#8220;4.27.3&#8243; _module_preset=&#8220;default&#8220; text_font=&#8220;||||||||&#8220; text_text_color=&#8220;#FFFFFF&#8220; text_line_height=&#8220;1.6em&#8220; text_orientation=&#8220;center&#8220; width=&#8220;50%&#8220; width_tablet=&#8220;100%&#8220; width_phone=&#8220;100%&#8220; width_last_edited=&#8220;on|tablet&#8220; module_alignment=&#8220;center&#8220; global_colors_info=&#8220;{}&#8220;]<\/p>\n<p>Z\u00f6gern Sie also nicht, uns zu kontaktieren!<br \/>Sie k\u00f6nnen dies \u00fcber die unten angegebene Telefonnummer oder \u00fcber das Kontaktformular auf der Schaltfl\u00e4che unten tun.<\/p>\n<p>Wir freuen uns darauf, von Ihnen zu h\u00f6ren.<\/p>\n<p>&nbsp;<\/p>\n<p>[\/et_pb_text][et_pb_button button_url=&#8220;http:\/\/ebeltoftstrandcamping.dk\/kontakt\/&#8220; button_text=&#8220;Kontaktieren Sie uns&#8220; button_alignment=&#8220;center&#8220; _builder_version=&#8220;4.27.3&#8243; _module_preset=&#8220;default&#8220; custom_button=&#8220;on&#8220; button_text_size=&#8220;16px&#8220; button_text_color=&#8220;#FFFFFF&#8220; button_bg_color=&#8220;gcid-7ce7b00a-a0f7-4559-8af2-0adef5afd391&#8243; button_border_width=&#8220;0px&#8220; button_font=&#8220;|600|||||||&#8220; button_use_icon=&#8220;off&#8220; global_colors_info=&#8220;{%22gcid-2eb85268-1f51-4f24-a4be-13bed7ca8ff6%22:%91%22button_bg_color__hover%22%93,%22gcid-7ce7b00a-a0f7-4559-8af2-0adef5afd391%22:%91%22button_bg_color%22%93}&#8220; button_bg_color__hover_enabled=&#8220;on|hover&#8220; button_bg_color__hover=&#8220;#c65108&#8243; button_bg_enable_color__hover=&#8220;on&#8220;][\/et_pb_button][\/et_pb_column][\/et_pb_row][\/et_pb_section]<\/p>\n","protected":false},"excerpt":{"rendered":"<p>CampBendixenCamping mit CampBendixen \u2013 Urlaub, von dem Sie nie nach Hause wollenCamping ist Urlaub voller Zusammensein, N\u00e4he, neuer Freundschaften, Spiel und Spa\u00df \u2013 die perfekten Rahmenbedingungen f\u00fcr unvergessliche Erinnerungen. Bei CampBendixen ist Platz f\u00fcr alle, und wir geben uns M\u00fche, Ihren Urlaub perfekt zu gestalten. Hier erleben Sie eine Atmosph\u00e4re, die Sie sich w\u00fcnschen l\u00e4sst, [&hellip;]<\/p>\n","protected":false},"author":1,"featured_media":0,"parent":0,"menu_order":0,"comment_status":"closed","ping_status":"closed","template":"","meta":{"_et_pb_use_builder":"on","_et_pb_old_content":"","_et_gb_content_width":"","footnotes":""},"folder":[],"class_list":["post-100565","page","type-page","status-publish","hentry"],"_links":{"self":[{"href":"https:\/\/campbendixen.dk\/de\/wp-json\/wp\/v2\/pages\/100565","targetHints":{"allow":["GET"]}}],"collection":[{"href":"https:\/\/campbendixen.dk\/de\/wp-json\/wp\/v2\/pages"}],"about":[{"href":"https:\/\/campbendixen.dk\/de\/wp-json\/wp\/v2\/types\/page"}],"author":[{"embeddable":true,"href":"https:\/\/campbendixen.dk\/de\/wp-json\/wp\/v2\/users\/1"}],"replies":[{"embeddable":true,"href":"https:\/\/campbendixen.dk\/de\/wp-json\/wp\/v2\/comments?post=100565"}],"version-history":[{"count":4,"href":"https:\/\/campbendixen.dk\/de\/wp-json\/wp\/v2\/pages\/100565\/revisions"}],"predecessor-version":[{"id":100850,"href":"https:\/\/campbendixen.dk\/de\/wp-json\/wp\/v2\/pages\/100565\/revisions\/100850"}],"wp:attachment":[{"href":"https:\/\/campbendixen.dk\/de\/wp-json\/wp\/v2\/media?parent=100565"}],"wp:term":[{"taxonomy":"folder","embeddable":true,"href":"https:\/\/campbendixen.dk\/de\/wp-json\/wp\/v2\/folder?post=100565"}],"curies":[{"name":"wp","href":"https:\/\/api.w.org\/{rel}","templated":true}]}}